{"id":2424,"date":"2022-01-29T16:55:59","date_gmt":"2022-01-29T15:55:59","guid":{"rendered":"http:\/\/cavalcadadereis.cat\/svh\/?page_id=2424"},"modified":"2024-01-03T21:02:00","modified_gmt":"2024-01-03T20:02:00","slug":"collaboradors","status":"publish","type":"page","link":"https:\/\/cavalcadadereis.cat\/svh\/la-comissio\/collaboradors\/","title":{"rendered":"Col\u00b7laboradors"},"content":{"rendered":"<p>[et_pb_section fb_built=&#8221;1&#8243; _builder_version=&#8221;4.16&#8243; background_color=&#8221;#E3933F&#8221; custom_padding=&#8221;0px||0px|||&#8221; transparent_background=&#8221;on&#8221; global_colors_info=&#8221;{}&#8221;][et_pb_row _builder_version=&#8221;4.23&#8243; background_color=&#8221;#FBC159&#8243; background_size=&#8221;initial&#8221; background_position=&#8221;top_left&#8221; background_repeat=&#8221;repeat&#8221; width=&#8221;94.3%&#8221; border_color_all=&#8221;#E6E6E6&#8243; border_width_right=&#8221;12px&#8221; border_width_left=&#8221;12px&#8221; global_colors_info=&#8221;{}&#8221;][et_pb_column type=&#8221;4_4&#8243; _builder_version=&#8221;4.16&#8243; custom_padding=&#8221;|||&#8221; global_colors_info=&#8221;{}&#8221; custom_padding__hover=&#8221;|||&#8221;][et_pb_post_title meta=&#8221;off&#8221; featured_image=&#8221;off&#8221; _builder_version=&#8221;4.23.3&#8243; title_font=&#8221;Merienda|700|||||||&#8221; title_text_color=&#8221;#FFFFFF&#8221; title_font_size=&#8221;28px&#8221; title_letter_spacing=&#8221;1px&#8221; background_color=&#8221;#2B2568&#8243; parallax=&#8221;on&#8221; parallax_method=&#8221;off&#8221; width=&#8221;24%&#8221; module_alignment=&#8221;left&#8221; custom_padding=&#8221;9px||4px|20px|false|false&#8221; hover_enabled=&#8221;0&#8243; border_color_bottom=&#8221;#FBC159&#8243; parallax_effect=&#8221;on&#8221; use_border_color=&#8221;off&#8221; border_color=&#8221;#ffffff&#8221; border_style=&#8221;solid&#8221; global_colors_info=&#8221;{}&#8221; width_last_edited=&#8221;on|phone&#8221; width_phone=&#8221;100%&#8221; sticky_enabled=&#8221;0&#8243; width_tablet=&#8221;24%&#8221;][\/et_pb_post_title][et_pb_text admin_label=&#8221;Espai Flor de Neu&#8221; _builder_version=&#8221;4.23.3&#8243; _module_preset=&#8221;default&#8221; text_text_color=&#8221;#242424&#8243; link_text_color=&#8221;#A31915&#8243; header_4_font=&#8221;Merienda|700|||||||&#8221; header_4_text_color=&#8221;#FBC159&#8243; header_4_font_size=&#8221;19px&#8221; text_orientation=&#8221;justified&#8221; width=&#8221;94%&#8221; module_alignment=&#8221;center&#8221; custom_padding=&#8221;||1px|||&#8221; hover_enabled=&#8221;0&#8243; global_colors_info=&#8221;{}&#8221; width_last_edited=&#8221;on|phone&#8221; width_phone=&#8221;90%&#8221; sticky_enabled=&#8221;0&#8243; width_tablet=&#8221;94%&#8221;]<\/p>\n<p style=\"text-align: justify;\">La Cavalcada de Reis no seria possible sense la implicaci\u00f3 dels seus voluntaris i sobretot sense l\u2019ajuda d\u2019altres entitats socioculturals de la vila de Sant Vicen\u00e7 dels Horts:<\/p>\n<p style=\"text-align: justify;\">L\u2019<strong><a href=\"https:\/\/www.esplaiflordeneu.cat\" target=\"_blank\" rel=\"noopener noreferrer\">Esplai Flor de Neu<\/a><\/strong><strong>\u00a0<\/strong>s\u2019encarrega des de fa anys d\u2019elaborar una de les carrosses amb l\u2019ajuda dels seus monitors, joves i pares. La Nit de Reis aquesta carrossa desfila acompanyada dels membres de l\u2019Esplai Flor de Neu.<\/p>\n<p>[\/et_pb_text][\/et_pb_column][\/et_pb_row][et_pb_row column_structure=&#8221;1_2,1_2&#8243; admin_label=&#8221;Esplai Flor de Neu&#8221; _builder_version=&#8221;4.16&#8243; background_color=&#8221;#FBC159&#8243; background_size=&#8221;initial&#8221; background_position=&#8221;top_left&#8221; background_repeat=&#8221;repeat&#8221; width=&#8221;94.3%&#8221; custom_padding=&#8221;0px||0px|||&#8221; border_color_all=&#8221;#E6E6E6&#8243; border_width_right=&#8221;12px&#8221; border_width_left=&#8221;12px&#8221; global_colors_info=&#8221;{}&#8221;][et_pb_column type=&#8221;1_2&#8243; _builder_version=&#8221;4.16&#8243; custom_padding=&#8221;|||&#8221; global_colors_info=&#8221;{}&#8221; custom_padding__hover=&#8221;|||&#8221;][et_pb_image src=&#8221;https:\/\/cavalcadadereis.cat\/svh\/wp-content\/uploads\/2023\/12\/2010_IMG_4599.jpg&#8221; _builder_version=&#8221;4.23&#8243; _module_preset=&#8221;default&#8221; width=&#8221;85%&#8221; module_alignment=&#8221;right&#8221; global_colors_info=&#8221;{}&#8221;][\/et_pb_image][\/et_pb_column][et_pb_column type=&#8221;1_2&#8243; _builder_version=&#8221;4.16&#8243; custom_padding=&#8221;|||&#8221; global_colors_info=&#8221;{}&#8221; custom_padding__hover=&#8221;|||&#8221;][et_pb_image src=&#8221;https:\/\/cavalcadadereis.cat\/svh\/wp-content\/uploads\/2023\/12\/2023_26723-scaled.jpg&#8221; _builder_version=&#8221;4.23&#8243; _module_preset=&#8221;default&#8221; width=&#8221;85%&#8221; module_alignment=&#8221;left&#8221; global_colors_info=&#8221;{}&#8221;][\/et_pb_image][\/et_pb_column][\/et_pb_row][et_pb_row admin_label=&#8221;A.E. i G. Roc d&#8217;Or\u00f3&#8221; _builder_version=&#8221;4.16&#8243; background_color=&#8221;#FBC159&#8243; background_size=&#8221;initial&#8221; background_position=&#8221;top_left&#8221; background_repeat=&#8221;repeat&#8221; width=&#8221;94.3%&#8221; border_color_all=&#8221;#E6E6E6&#8243; border_width_right=&#8221;12px&#8221; border_width_left=&#8221;12px&#8221; global_colors_info=&#8221;{}&#8221;][et_pb_column type=&#8221;4_4&#8243; _builder_version=&#8221;4.16&#8243; custom_padding=&#8221;|||&#8221; global_colors_info=&#8221;{}&#8221; custom_padding__hover=&#8221;|||&#8221;][et_pb_text admin_label=&#8221;Text&#8221; _builder_version=&#8221;4.23.3&#8243; _module_preset=&#8221;default&#8221; text_text_color=&#8221;#242424&#8243; link_text_color=&#8221;#A31915&#8243; header_4_font=&#8221;Merienda|700|||||||&#8221; header_4_text_color=&#8221;#FBC159&#8243; header_4_font_size=&#8221;19px&#8221; text_orientation=&#8221;justified&#8221; width=&#8221;94%&#8221; module_alignment=&#8221;center&#8221; hover_enabled=&#8221;0&#8243; global_colors_info=&#8221;{}&#8221; width_last_edited=&#8221;on|phone&#8221; width_phone=&#8221;90%&#8221; sticky_enabled=&#8221;0&#8243; width_tablet=&#8221;94%&#8221;]<\/p>\n<p style=\"text-align: justify;\">L\u2019<strong><a href=\"https:\/\/www.facebook.com\/AeigRocDOro\/\" target=\"_blank\" rel=\"noopener noreferrer\">A.E. i G. Roc d\u2019Or\u00f3<\/a><\/strong> elabora des dels anys 70 una carrossa per la Nit de Reis amb la col\u00b7laboraci\u00f3 d\u2019escoltes, monitors i pares. Tant escoltes com monitors el dia 5 de gener es passegen dalt de la carrossa repartint-<wbr \/>hi caramels.<\/p>\n<p>[\/et_pb_text][\/et_pb_column][\/et_pb_row][et_pb_row column_structure=&#8221;1_2,1_2&#8243; admin_label=&#8221;A.E. i G. Roc d&#8217;Or\u00f3&#8221; _builder_version=&#8221;4.16&#8243; background_color=&#8221;#FBC159&#8243; background_size=&#8221;initial&#8221; background_position=&#8221;top_left&#8221; background_repeat=&#8221;repeat&#8221; width=&#8221;94.3%&#8221; custom_padding=&#8221;0px||0px|||&#8221; border_color_all=&#8221;#E6E6E6&#8243; border_width_right=&#8221;12px&#8221; border_width_left=&#8221;12px&#8221; global_colors_info=&#8221;{}&#8221;][et_pb_column type=&#8221;1_2&#8243; _builder_version=&#8221;4.16&#8243; custom_padding=&#8221;|||&#8221; global_colors_info=&#8221;{}&#8221; custom_padding__hover=&#8221;|||&#8221;][et_pb_image src=&#8221;https:\/\/cavalcadadereis.cat\/svh\/wp-content\/uploads\/2023\/12\/2010_IMG_4853.jpg&#8221; _builder_version=&#8221;4.23&#8243; _module_preset=&#8221;default&#8221; width=&#8221;85%&#8221; module_alignment=&#8221;right&#8221; global_colors_info=&#8221;{}&#8221;][\/et_pb_image][\/et_pb_column][et_pb_column type=&#8221;1_2&#8243; _builder_version=&#8221;4.16&#8243; custom_padding=&#8221;|||&#8221; global_colors_info=&#8221;{}&#8221; custom_padding__hover=&#8221;|||&#8221;][et_pb_image src=&#8221;https:\/\/cavalcadadereis.cat\/svh\/wp-content\/uploads\/2023\/12\/2023_26719-scaled.jpg&#8221; _builder_version=&#8221;4.23&#8243; _module_preset=&#8221;default&#8221; width=&#8221;85%&#8221; module_alignment=&#8221;left&#8221; global_colors_info=&#8221;{}&#8221;][\/et_pb_image][\/et_pb_column][\/et_pb_row][et_pb_row admin_label=&#8221;Colla de Gegants&#8221; _builder_version=&#8221;4.16&#8243; background_color=&#8221;#FBC159&#8243; background_size=&#8221;initial&#8221; background_position=&#8221;top_left&#8221; background_repeat=&#8221;repeat&#8221; width=&#8221;94.3%&#8221; border_color_all=&#8221;#E6E6E6&#8243; border_width_right=&#8221;12px&#8221; border_width_left=&#8221;12px&#8221; global_colors_info=&#8221;{}&#8221;][et_pb_column type=&#8221;4_4&#8243; _builder_version=&#8221;4.16&#8243; custom_padding=&#8221;|||&#8221; global_colors_info=&#8221;{}&#8221; custom_padding__hover=&#8221;|||&#8221;][et_pb_text admin_label=&#8221;Text&#8221; _builder_version=&#8221;4.23.3&#8243; _module_preset=&#8221;default&#8221; text_text_color=&#8221;#242424&#8243; link_text_color=&#8221;#A31915&#8243; header_4_font=&#8221;Merienda|700|||||||&#8221; header_4_text_color=&#8221;#FBC159&#8243; header_4_font_size=&#8221;19px&#8221; text_orientation=&#8221;justified&#8221; width=&#8221;94%&#8221; module_alignment=&#8221;center&#8221; hover_enabled=&#8221;0&#8243; global_colors_info=&#8221;{}&#8221; width_last_edited=&#8221;on|phone&#8221; width_phone=&#8221;90%&#8221; sticky_enabled=&#8221;0&#8243; width_tablet=&#8221;94%&#8221;]<\/p>\n<p style=\"text-align: justify;\">La\u00a0<strong><a href=\"http:\/\/webs.gegants.cat\/svdelshorts\/\" target=\"_blank\" rel=\"noopener noreferrer\">Colla de Geganters<\/a><\/strong>\u00a0decora dues de les carrosses que integren la comitiva reial. Una d\u2019elles est\u00e0 presidida pel Vicen\u00e7 i la Coloma, els gegants de Sant Vicen\u00e7, i per membres geganters. L\u2019altra carrossa est\u00e0 integrada per m\u00e9s membres geganters i animada amb m\u00fasica enllaunada.<\/p>\n<p>[\/et_pb_text][\/et_pb_column][\/et_pb_row][et_pb_row column_structure=&#8221;1_2,1_2&#8243; admin_label=&#8221;Colla de Gegants&#8221; _builder_version=&#8221;4.16&#8243; background_color=&#8221;#FBC159&#8243; background_size=&#8221;initial&#8221; background_position=&#8221;top_left&#8221; background_repeat=&#8221;repeat&#8221; width=&#8221;94.3%&#8221; custom_padding=&#8221;0px||0px|||&#8221; border_color_all=&#8221;#E6E6E6&#8243; border_width_right=&#8221;12px&#8221; border_width_left=&#8221;12px&#8221; global_colors_info=&#8221;{}&#8221;][et_pb_column type=&#8221;1_2&#8243; _builder_version=&#8221;4.16&#8243; custom_padding=&#8221;|||&#8221; global_colors_info=&#8221;{}&#8221; custom_padding__hover=&#8221;|||&#8221;][et_pb_image src=&#8221;https:\/\/cavalcadadereis.cat\/svh\/wp-content\/uploads\/2023\/12\/2023_26702-scaled.jpg&#8221; _builder_version=&#8221;4.23&#8243; _module_preset=&#8221;default&#8221; width=&#8221;85%&#8221; module_alignment=&#8221;right&#8221; global_colors_info=&#8221;{}&#8221;][\/et_pb_image][\/et_pb_column][et_pb_column type=&#8221;1_2&#8243; _builder_version=&#8221;4.16&#8243; custom_padding=&#8221;|||&#8221; global_colors_info=&#8221;{}&#8221; custom_padding__hover=&#8221;|||&#8221;][et_pb_image src=&#8221;https:\/\/cavalcadadereis.cat\/svh\/wp-content\/uploads\/2023\/12\/2023_26708-scaled.jpg&#8221; _builder_version=&#8221;4.23&#8243; _module_preset=&#8221;default&#8221; width=&#8221;85%&#8221; module_alignment=&#8221;left&#8221; global_colors_info=&#8221;{}&#8221;][\/et_pb_image][\/et_pb_column][\/et_pb_row][et_pb_row admin_label=&#8221;\u00c0ngels Diab\u00f2lics&#8221; _builder_version=&#8221;4.16&#8243; background_color=&#8221;#FBC159&#8243; background_size=&#8221;initial&#8221; background_position=&#8221;top_left&#8221; background_repeat=&#8221;repeat&#8221; width=&#8221;94.3%&#8221; border_color_all=&#8221;#E6E6E6&#8243; border_width_right=&#8221;12px&#8221; border_width_left=&#8221;12px&#8221; global_colors_info=&#8221;{}&#8221;][et_pb_column type=&#8221;4_4&#8243; _builder_version=&#8221;4.16&#8243; custom_padding=&#8221;|||&#8221; global_colors_info=&#8221;{}&#8221; custom_padding__hover=&#8221;|||&#8221;][et_pb_text admin_label=&#8221;Text&#8221; _builder_version=&#8221;4.23.3&#8243; _module_preset=&#8221;default&#8221; text_text_color=&#8221;#242424&#8243; link_text_color=&#8221;#A31915&#8243; header_4_font=&#8221;Merienda|700|||||||&#8221; header_4_text_color=&#8221;#FBC159&#8243; header_4_font_size=&#8221;19px&#8221; text_orientation=&#8221;justified&#8221; width=&#8221;94%&#8221; module_alignment=&#8221;center&#8221; hover_enabled=&#8221;0&#8243; global_colors_info=&#8221;{}&#8221; width_last_edited=&#8221;on|phone&#8221; width_phone=&#8221;90%&#8221; sticky_enabled=&#8221;0&#8243; width_tablet=&#8221;94%&#8221;]<\/p>\n<p style=\"text-align: justify;\">L\u2019<strong><a href=\"http:\/\/www.angelsdiabolics.cat\">Associaci\u00f3 Colla de diables \u201c\u00c0ngels Diab\u00f2lics\u201d<\/a><\/strong>\u00a0elabora, des de la cavalcada de l\u2019any 2013, la Carrossa del Carb\u00f3. Els Diables s\u2019encarreguen de fer aquesta carrossa i ajuden a Ses Majestats a fabricar, amb el seu foc, el carb\u00f3 que els nens m\u00e9s entremaliats rebran la Nit de Reis.<\/p>\n<p>[\/et_pb_text][\/et_pb_column][\/et_pb_row][et_pb_row column_structure=&#8221;1_2,1_2&#8243; admin_label=&#8221;\u00c0ngels Diab\u00f2lics&#8221; _builder_version=&#8221;4.16&#8243; background_color=&#8221;#FBC159&#8243; background_size=&#8221;initial&#8221; background_position=&#8221;top_left&#8221; background_repeat=&#8221;repeat&#8221; width=&#8221;94.3%&#8221; custom_padding=&#8221;0px||0px|||&#8221; border_color_all=&#8221;#E6E6E6&#8243; border_width_right=&#8221;12px&#8221; border_width_left=&#8221;12px&#8221; global_colors_info=&#8221;{}&#8221;][et_pb_column type=&#8221;1_2&#8243; _builder_version=&#8221;4.16&#8243; custom_padding=&#8221;|||&#8221; global_colors_info=&#8221;{}&#8221; custom_padding__hover=&#8221;|||&#8221;][et_pb_image src=&#8221;https:\/\/cavalcadadereis.cat\/svh\/wp-content\/uploads\/2023\/12\/MV20200105_231.jpg&#8221; _builder_version=&#8221;4.23&#8243; _module_preset=&#8221;default&#8221; width=&#8221;85%&#8221; module_alignment=&#8221;right&#8221; global_colors_info=&#8221;{}&#8221;][\/et_pb_image][\/et_pb_column][et_pb_column type=&#8221;1_2&#8243; _builder_version=&#8221;4.16&#8243; custom_padding=&#8221;|||&#8221; global_colors_info=&#8221;{}&#8221; custom_padding__hover=&#8221;|||&#8221;][et_pb_image src=&#8221;https:\/\/cavalcadadereis.cat\/svh\/wp-content\/uploads\/2022\/01\/Xumet.jpg&#8221; _builder_version=&#8221;4.23&#8243; _module_preset=&#8221;default&#8221; width=&#8221;85%&#8221; module_alignment=&#8221;left&#8221; global_colors_info=&#8221;{}&#8221;][\/et_pb_image][\/et_pb_column][\/et_pb_row][et_pb_row admin_label=&#8221;Fundacio Iris&#8221; _builder_version=&#8221;4.16&#8243; background_color=&#8221;#FBC159&#8243; background_size=&#8221;initial&#8221; background_position=&#8221;top_left&#8221; background_repeat=&#8221;repeat&#8221; width=&#8221;94.3%&#8221; border_color_all=&#8221;#E6E6E6&#8243; border_width_right=&#8221;12px&#8221; border_width_left=&#8221;12px&#8221; global_colors_info=&#8221;{}&#8221;][et_pb_column type=&#8221;4_4&#8243; _builder_version=&#8221;4.16&#8243; custom_padding=&#8221;|||&#8221; global_colors_info=&#8221;{}&#8221; custom_padding__hover=&#8221;|||&#8221;][et_pb_text admin_label=&#8221;Text&#8221; _builder_version=&#8221;4.23.3&#8243; _module_preset=&#8221;default&#8221; text_text_color=&#8221;#242424&#8243; link_text_color=&#8221;#A31915&#8243; header_4_font=&#8221;Merienda|700|||||||&#8221; header_4_text_color=&#8221;#FBC159&#8243; header_4_font_size=&#8221;19px&#8221; text_orientation=&#8221;justified&#8221; width=&#8221;94%&#8221; module_alignment=&#8221;center&#8221; hover_enabled=&#8221;0&#8243; global_colors_info=&#8221;{}&#8221; width_last_edited=&#8221;on|phone&#8221; width_phone=&#8221;90%&#8221; sticky_enabled=&#8221;0&#8243; width_tablet=&#8221;94%&#8221;]<\/p>\n<p style=\"text-align: justify;\">La <strong><a href=\"https:\/\/www.fundacioiris.org\/es\/\">Fundaci\u00f3 Iris<\/a> <\/strong>participa en la Cavalcada de Reis des del 2016. L&#8217;entitat elabora l&#8217;anomenada &#8220;carrossa infantil&#8221;, que anteriorment havia estat de les Pubilles del poble i els darrers anys havia estat elaborada per un col\u00b7lectiu de pares voluntaris.<\/p>\n<p>[\/et_pb_text][\/et_pb_column][\/et_pb_row][et_pb_row column_structure=&#8221;1_2,1_2&#8243; admin_label=&#8221;Fundaci\u00f3 Iris&#8221; _builder_version=&#8221;4.16&#8243; background_color=&#8221;#FBC159&#8243; background_size=&#8221;initial&#8221; background_position=&#8221;top_left&#8221; background_repeat=&#8221;repeat&#8221; width=&#8221;94.3%&#8221; custom_padding=&#8221;0px||0px|||&#8221; border_color_all=&#8221;#E6E6E6&#8243; border_width_right=&#8221;12px&#8221; border_width_left=&#8221;12px&#8221; global_colors_info=&#8221;{}&#8221;][et_pb_column type=&#8221;1_2&#8243; _builder_version=&#8221;4.16&#8243; custom_padding=&#8221;|||&#8221; global_colors_info=&#8221;{}&#8221; custom_padding__hover=&#8221;|||&#8221;][et_pb_image src=&#8221;https:\/\/cavalcadadereis.cat\/svh\/wp-content\/uploads\/2023\/12\/MV20200105_224.jpg&#8221; _builder_version=&#8221;4.23&#8243; _module_preset=&#8221;default&#8221; width=&#8221;85%&#8221; module_alignment=&#8221;right&#8221; global_colors_info=&#8221;{}&#8221;][\/et_pb_image][\/et_pb_column][et_pb_column type=&#8221;1_2&#8243; _builder_version=&#8221;4.16&#8243; custom_padding=&#8221;|||&#8221; global_colors_info=&#8221;{}&#8221; custom_padding__hover=&#8221;|||&#8221;][et_pb_image src=&#8221;https:\/\/cavalcadadereis.cat\/svh\/wp-content\/uploads\/2023\/12\/2016_DSC_8411.jpg&#8221; _builder_version=&#8221;4.23&#8243; _module_preset=&#8221;default&#8221; width=&#8221;85%&#8221; module_alignment=&#8221;left&#8221; global_colors_info=&#8221;{}&#8221;][\/et_pb_image][\/et_pb_column][\/et_pb_row][et_pb_row admin_label=&#8221;Carallots&#8221; _builder_version=&#8221;4.16&#8243; background_color=&#8221;#FBC159&#8243; background_size=&#8221;initial&#8221; background_position=&#8221;top_left&#8221; background_repeat=&#8221;repeat&#8221; width=&#8221;94.3%&#8221; border_color_all=&#8221;#E6E6E6&#8243; border_width_right=&#8221;12px&#8221; border_width_left=&#8221;12px&#8221; global_colors_info=&#8221;{}&#8221;][et_pb_column type=&#8221;4_4&#8243; _builder_version=&#8221;4.16&#8243; custom_padding=&#8221;|||&#8221; global_colors_info=&#8221;{}&#8221; custom_padding__hover=&#8221;|||&#8221;][et_pb_text admin_label=&#8221;Text&#8221; _builder_version=&#8221;4.23.3&#8243; _module_preset=&#8221;default&#8221; text_text_color=&#8221;#242424&#8243; link_text_color=&#8221;#A31915&#8243; header_4_font=&#8221;Merienda|700|||||||&#8221; header_4_text_color=&#8221;#FBC159&#8243; header_4_font_size=&#8221;19px&#8221; text_orientation=&#8221;justified&#8221; width=&#8221;94%&#8221; module_alignment=&#8221;center&#8221; hover_enabled=&#8221;0&#8243; global_colors_info=&#8221;{}&#8221; width_last_edited=&#8221;on|phone&#8221; width_phone=&#8221;90%&#8221; sticky_enabled=&#8221;0&#8243; width_tablet=&#8221;94%&#8221;]<\/p>\n<p style=\"text-align: justify;\">La <strong><a href=\"https:\/\/www.carallots.cat\">Colla castellera &#8220;Carallots&#8221;<\/a> <\/strong>elabora des del 2015 una carrossa inspirada en la tradici\u00f3 dels castells i en la qual participen els membres de la Colla Castellera.<\/p>\n<p>[\/et_pb_text][\/et_pb_column][\/et_pb_row][et_pb_row column_structure=&#8221;1_2,1_2&#8243; admin_label=&#8221;Carallots&#8221; _builder_version=&#8221;4.16&#8243; background_color=&#8221;#FBC159&#8243; background_size=&#8221;initial&#8221; background_position=&#8221;top_left&#8221; background_repeat=&#8221;repeat&#8221; width=&#8221;94.3%&#8221; custom_padding=&#8221;0px||0px|||&#8221; border_color_all=&#8221;#E6E6E6&#8243; border_width_right=&#8221;12px&#8221; border_width_left=&#8221;12px&#8221; global_colors_info=&#8221;{}&#8221;][et_pb_column type=&#8221;1_2&#8243; _builder_version=&#8221;4.16&#8243; custom_padding=&#8221;|||&#8221; global_colors_info=&#8221;{}&#8221; custom_padding__hover=&#8221;|||&#8221;][et_pb_image src=&#8221;https:\/\/cavalcadadereis.cat\/svh\/wp-content\/uploads\/2023\/12\/MV20150105_272-scaled.jpg&#8221; _builder_version=&#8221;4.23&#8243; _module_preset=&#8221;default&#8221; width=&#8221;85%&#8221; module_alignment=&#8221;right&#8221; global_colors_info=&#8221;{}&#8221;][\/et_pb_image][\/et_pb_column][et_pb_column type=&#8221;1_2&#8243; _builder_version=&#8221;4.16&#8243; custom_padding=&#8221;|||&#8221; global_colors_info=&#8221;{}&#8221; custom_padding__hover=&#8221;|||&#8221;][et_pb_image src=&#8221;https:\/\/cavalcadadereis.cat\/svh\/wp-content\/uploads\/2023\/12\/MV20220105_201.jpg&#8221; _builder_version=&#8221;4.23&#8243; _module_preset=&#8221;default&#8221; width=&#8221;85%&#8221; module_alignment=&#8221;left&#8221; global_colors_info=&#8221;{}&#8221;][\/et_pb_image][\/et_pb_column][\/et_pb_row][et_pb_row _builder_version=&#8221;4.16&#8243; background_color=&#8221;#FBC159&#8243; background_size=&#8221;initial&#8221; background_position=&#8221;top_left&#8221; background_repeat=&#8221;repeat&#8221; width=&#8221;94.3%&#8221; border_color_all=&#8221;#E6E6E6&#8243; border_width_right=&#8221;12px&#8221; border_width_bottom=&#8221;12px&#8221; border_width_left=&#8221;12px&#8221; global_colors_info=&#8221;{}&#8221;][et_pb_column type=&#8221;4_4&#8243; _builder_version=&#8221;4.16&#8243; custom_padding=&#8221;|||&#8221; global_colors_info=&#8221;{}&#8221; custom_padding__hover=&#8221;|||&#8221;][et_pb_text admin_label=&#8221;Centre Cat\u00f2lic &#8211; Ajuntament&#8221; _builder_version=&#8221;4.23.3&#8243; _module_preset=&#8221;default&#8221; text_text_color=&#8221;#242424&#8243; link_text_color=&#8221;#A31915&#8243; header_4_font=&#8221;Merienda|700|||||||&#8221; header_4_text_color=&#8221;#FBC159&#8243; header_4_font_size=&#8221;19px&#8221; text_orientation=&#8221;justified&#8221; width=&#8221;94%&#8221; module_alignment=&#8221;center&#8221; hover_enabled=&#8221;0&#8243; global_colors_info=&#8221;{}&#8221; width_last_edited=&#8221;on|phone&#8221; width_phone=&#8221;90%&#8221; sticky_enabled=&#8221;0&#8243; width_tablet=&#8221;94%&#8221;]<\/p>\n<p style=\"text-align: justify;\"><span style=\"font-size: 15px;\">A m\u00e9s, la Nit de Reis comptem amb la participaci\u00f3 de diversos grups de m\u00fasica de la vila que animen amb Nadales la Cavalcada de Reis.<\/span><\/p>\n<p style=\"text-align: justify;\">El vincle i col\u00b7laboraci\u00f3 del <strong><a href=\"http:\/\/www.cencatsvh.org\" target=\"_blank\" rel=\"noopener noreferrer\">Centre Cat\u00f2lic<\/a><\/strong> amb la Cavalcada es remunta en les primeres cavalcades. Actualment, l&#8217;entitat cedeix el seu espai a la Comissi\u00f3 de la Cavalcada perqu\u00e8 hi pugui celebrar algunes de les seves reunions. A m\u00e9s, \u00e9s al Centre Cat\u00f2lic on apareixen els Reigs Mags per art de m\u00e0gia i on s\u2019inicia la comitiva fins a l\u2019Ajuntament.<\/p>\n<p style=\"text-align: justify;\">D\u2019altres voluntaris i volunt\u00e0ries, associacions i empreses col\u00b7laboren amb la cavalcada a trav\u00e9s de l\u2019elaboraci\u00f3 de les carrosses dels Reis, dels personatges animats, Trons Reials&#8230; Tamb\u00e9 amb la cessi\u00f3 de camions, furgonetes i tractors per motoritzar les carrosses.<\/p>\n<p style=\"text-align: justify;\">La Cavalcada de Reis de Sant Vicen\u00e7 est\u00e0 organitzada per la Comissi\u00f3 i \u00e9s possible gr\u00e0cies a tots els voluntaris, per\u00f2 tamb\u00e9 rep ajuda institucional. L\u2019<strong><a href=\"http:\/\/www.svh.cat\" target=\"_blank\" rel=\"noopener noreferrer\">Ajuntament de Sant Vicen\u00e7 dels Horts<\/a><\/strong> dona suport a aquesta tradici\u00f3 cedint alguns dels seus espais o comprant els caramels, per\u00f2 sobretot amb l\u2019aportaci\u00f3 econ\u00f2mica a trav\u00e9s de subvencions de la Regidoria de Cultura.<\/p>\n<p>[\/et_pb_text][\/et_pb_column][\/et_pb_row][\/et_pb_section]<\/p>\n","protected":false},"excerpt":{"rendered":"<p>La Cavalcada de Reis no seria possible sense la implicaci\u00f3 dels seus voluntaris i sobretot sense l\u2019ajuda d\u2019altres entitats socioculturals de la vila de Sant Vicen\u00e7 dels Horts: L\u2019Esplai Flor de Neu\u00a0s\u2019encarrega des de fa anys d\u2019elaborar una de les carrosses amb l\u2019ajuda dels seus monitors, joves i pares. La Nit de Reis aquesta carrossa [&hellip;]<\/p>\n","protected":false},"author":1,"featured_media":0,"parent":2416,"menu_order":3,"comment_status":"closed","ping_status":"closed","template":"","meta":{"_et_pb_use_builder":"on","_et_pb_old_content":"","_et_gb_content_width":"","footnotes":""},"folder":[26],"class_list":["post-2424","page","type-page","status-publish","hentry"],"yoast_head":"<!-- This site is optimized with the Yoast SEO plugin v26.6 - https:\/\/yoast.com\/wordpress\/plugins\/seo\/ -->\n<title>Col\u00b7laboradors - Cavalcada de Reis SVH<\/title>\n<meta name=\"robots\" content=\"index, follow, max-snippet:-1, max-image-preview:large, max-video-preview:-1\" \/>\n<link rel=\"canonical\" href=\"https:\/\/cavalcadadereis.cat\/svh\/la-comissio\/collaboradors\/\" \/>\n<meta property=\"og:locale\" content=\"ca_ES\" \/>\n<meta property=\"og:type\" content=\"article\" \/>\n<meta property=\"og:title\" content=\"Col\u00b7laboradors - Cavalcada de Reis SVH\" \/>\n<meta property=\"og:description\" content=\"La Cavalcada de Reis no seria possible sense la implicaci\u00f3 dels seus voluntaris i sobretot sense l\u2019ajuda d\u2019altres entitats socioculturals de la vila de Sant Vicen\u00e7 dels Horts: L\u2019Esplai Flor de Neu\u00a0s\u2019encarrega des de fa anys d\u2019elaborar una de les carrosses amb l\u2019ajuda dels seus monitors, joves i pares. La Nit de Reis aquesta carrossa [&hellip;]\" \/>\n<meta property=\"og:url\" content=\"https:\/\/cavalcadadereis.cat\/svh\/la-comissio\/collaboradors\/\" \/>\n<meta property=\"og:site_name\" content=\"Cavalcada de Reis SVH\" \/>\n<meta property=\"article:modified_time\" content=\"2024-01-03T20:02:00+00:00\" \/>\n<meta name=\"twitter:card\" content=\"summary_large_image\" \/>\n<meta name=\"twitter:label1\" content=\"Temps estimat de lectura\" \/>\n\t<meta name=\"twitter:data1\" content=\"5 minuts\" \/>\n<script type=\"application\/ld+json\" class=\"yoast-schema-graph\">{\"@context\":\"https:\/\/schema.org\",\"@graph\":[{\"@type\":\"WebPage\",\"@id\":\"https:\/\/cavalcadadereis.cat\/svh\/la-comissio\/collaboradors\/\",\"url\":\"https:\/\/cavalcadadereis.cat\/svh\/la-comissio\/collaboradors\/\",\"name\":\"Col\u00b7laboradors - Cavalcada de Reis SVH\",\"isPartOf\":{\"@id\":\"https:\/\/cavalcadadereis.cat\/svh\/#website\"},\"datePublished\":\"2022-01-29T15:55:59+00:00\",\"dateModified\":\"2024-01-03T20:02:00+00:00\",\"breadcrumb\":{\"@id\":\"https:\/\/cavalcadadereis.cat\/svh\/la-comissio\/collaboradors\/#breadcrumb\"},\"inLanguage\":\"ca\",\"potentialAction\":[{\"@type\":\"ReadAction\",\"target\":[\"https:\/\/cavalcadadereis.cat\/svh\/la-comissio\/collaboradors\/\"]}]},{\"@type\":\"BreadcrumbList\",\"@id\":\"https:\/\/cavalcadadereis.cat\/svh\/la-comissio\/collaboradors\/#breadcrumb\",\"itemListElement\":[{\"@type\":\"ListItem\",\"position\":1,\"name\":\"Inici\",\"item\":\"https:\/\/cavalcadadereis.cat\/svh\/\"},{\"@type\":\"ListItem\",\"position\":2,\"name\":\"La Comissi\u00f3\",\"item\":\"https:\/\/cavalcadadereis.cat\/svh\/la-comissio\/\"},{\"@type\":\"ListItem\",\"position\":3,\"name\":\"Col\u00b7laboradors\"}]},{\"@type\":\"WebSite\",\"@id\":\"https:\/\/cavalcadadereis.cat\/svh\/#website\",\"url\":\"https:\/\/cavalcadadereis.cat\/svh\/\",\"name\":\"Cavalcada de Reis SVH\",\"description\":\"\",\"potentialAction\":[{\"@type\":\"SearchAction\",\"target\":{\"@type\":\"EntryPoint\",\"urlTemplate\":\"https:\/\/cavalcadadereis.cat\/svh\/?s={search_term_string}\"},\"query-input\":{\"@type\":\"PropertyValueSpecification\",\"valueRequired\":true,\"valueName\":\"search_term_string\"}}],\"inLanguage\":\"ca\"}]}<\/script>\n<!-- \/ Yoast SEO plugin. -->","yoast_head_json":{"title":"Col\u00b7laboradors - Cavalcada de Reis SVH","robots":{"index":"index","follow":"follow","max-snippet":"max-snippet:-1","max-image-preview":"max-image-preview:large","max-video-preview":"max-video-preview:-1"},"canonical":"https:\/\/cavalcadadereis.cat\/svh\/la-comissio\/collaboradors\/","og_locale":"ca_ES","og_type":"article","og_title":"Col\u00b7laboradors - Cavalcada de Reis SVH","og_description":"La Cavalcada de Reis no seria possible sense la implicaci\u00f3 dels seus voluntaris i sobretot sense l\u2019ajuda d\u2019altres entitats socioculturals de la vila de Sant Vicen\u00e7 dels Horts: L\u2019Esplai Flor de Neu\u00a0s\u2019encarrega des de fa anys d\u2019elaborar una de les carrosses amb l\u2019ajuda dels seus monitors, joves i pares. La Nit de Reis aquesta carrossa [&hellip;]","og_url":"https:\/\/cavalcadadereis.cat\/svh\/la-comissio\/collaboradors\/","og_site_name":"Cavalcada de Reis SVH","article_modified_time":"2024-01-03T20:02:00+00:00","twitter_card":"summary_large_image","twitter_misc":{"Temps estimat de lectura":"5 minuts"},"schema":{"@context":"https:\/\/schema.org","@graph":[{"@type":"WebPage","@id":"https:\/\/cavalcadadereis.cat\/svh\/la-comissio\/collaboradors\/","url":"https:\/\/cavalcadadereis.cat\/svh\/la-comissio\/collaboradors\/","name":"Col\u00b7laboradors - Cavalcada de Reis SVH","isPartOf":{"@id":"https:\/\/cavalcadadereis.cat\/svh\/#website"},"datePublished":"2022-01-29T15:55:59+00:00","dateModified":"2024-01-03T20:02:00+00:00","breadcrumb":{"@id":"https:\/\/cavalcadadereis.cat\/svh\/la-comissio\/collaboradors\/#breadcrumb"},"inLanguage":"ca","potentialAction":[{"@type":"ReadAction","target":["https:\/\/cavalcadadereis.cat\/svh\/la-comissio\/collaboradors\/"]}]},{"@type":"BreadcrumbList","@id":"https:\/\/cavalcadadereis.cat\/svh\/la-comissio\/collaboradors\/#breadcrumb","itemListElement":[{"@type":"ListItem","position":1,"name":"Inici","item":"https:\/\/cavalcadadereis.cat\/svh\/"},{"@type":"ListItem","position":2,"name":"La Comissi\u00f3","item":"https:\/\/cavalcadadereis.cat\/svh\/la-comissio\/"},{"@type":"ListItem","position":3,"name":"Col\u00b7laboradors"}]},{"@type":"WebSite","@id":"https:\/\/cavalcadadereis.cat\/svh\/#website","url":"https:\/\/cavalcadadereis.cat\/svh\/","name":"Cavalcada de Reis SVH","description":"","potentialAction":[{"@type":"SearchAction","target":{"@type":"EntryPoint","urlTemplate":"https:\/\/cavalcadadereis.cat\/svh\/?s={search_term_string}"},"query-input":{"@type":"PropertyValueSpecification","valueRequired":true,"valueName":"search_term_string"}}],"inLanguage":"ca"}]}},"_links":{"self":[{"href":"https:\/\/cavalcadadereis.cat\/svh\/wp-json\/wp\/v2\/pages\/2424","targetHints":{"allow":["GET"]}}],"collection":[{"href":"https:\/\/cavalcadadereis.cat\/svh\/wp-json\/wp\/v2\/pages"}],"about":[{"href":"https:\/\/cavalcadadereis.cat\/svh\/wp-json\/wp\/v2\/types\/page"}],"author":[{"embeddable":true,"href":"https:\/\/cavalcadadereis.cat\/svh\/wp-json\/wp\/v2\/users\/1"}],"replies":[{"embeddable":true,"href":"https:\/\/cavalcadadereis.cat\/svh\/wp-json\/wp\/v2\/comments?post=2424"}],"version-history":[{"count":13,"href":"https:\/\/cavalcadadereis.cat\/svh\/wp-json\/wp\/v2\/pages\/2424\/revisions"}],"predecessor-version":[{"id":3103,"href":"https:\/\/cavalcadadereis.cat\/svh\/wp-json\/wp\/v2\/pages\/2424\/revisions\/3103"}],"up":[{"embeddable":true,"href":"https:\/\/cavalcadadereis.cat\/svh\/wp-json\/wp\/v2\/pages\/2416"}],"wp:attachment":[{"href":"https:\/\/cavalcadadereis.cat\/svh\/wp-json\/wp\/v2\/media?parent=2424"}],"wp:term":[{"taxonomy":"folder","embeddable":true,"href":"https:\/\/cavalcadadereis.cat\/svh\/wp-json\/wp\/v2\/folder?post=2424"}],"curies":[{"name":"wp","href":"https:\/\/api.w.org\/{rel}","templated":true}]}}