{"id":2420,"date":"2022-01-29T16:54:52","date_gmt":"2022-01-29T15:54:52","guid":{"rendered":"http:\/\/cavalcadadereis.cat\/svh\/?page_id=2420"},"modified":"2024-01-03T20:00:43","modified_gmt":"2024-01-03T19:00:43","slug":"que-fa","status":"publish","type":"page","link":"https:\/\/cavalcadadereis.cat\/svh\/la-comissio\/que-fa\/","title":{"rendered":"Qu\u00e8 fa?"},"content":{"rendered":"<p>[et_pb_section fb_built=&#8221;1&#8243; _builder_version=&#8221;4.16&#8243; background_color=&#8221;#E3933F&#8221; custom_padding=&#8221;0px||0px|||&#8221; transparent_background=&#8221;on&#8221; global_colors_info=&#8221;{}&#8221;][et_pb_row _builder_version=&#8221;4.16&#8243; background_color=&#8221;#FBC159&#8243; background_size=&#8221;initial&#8221; background_position=&#8221;top_left&#8221; background_repeat=&#8221;repeat&#8221; width=&#8221;94.3%&#8221; border_color_all=&#8221;#E6E6E6&#8243; border_width_right=&#8221;12px&#8221; border_width_left=&#8221;12px&#8221; global_colors_info=&#8221;{}&#8221;][et_pb_column type=&#8221;4_4&#8243; _builder_version=&#8221;4.16&#8243; custom_padding=&#8221;|||&#8221; global_colors_info=&#8221;{}&#8221; custom_padding__hover=&#8221;|||&#8221;][et_pb_post_title meta=&#8221;off&#8221; featured_image=&#8221;off&#8221; _builder_version=&#8221;4.23.3&#8243; title_font=&#8221;Merienda|700|||||||&#8221; title_text_color=&#8221;#FFFFFF&#8221; title_font_size=&#8221;28px&#8221; title_letter_spacing=&#8221;1px&#8221; background_color=&#8221;#2B2568&#8243; parallax=&#8221;on&#8221; parallax_method=&#8221;off&#8221; width=&#8221;15%&#8221; module_alignment=&#8221;left&#8221; custom_padding=&#8221;9px||4px|20px|false|false&#8221; hover_enabled=&#8221;0&#8243; border_color_bottom=&#8221;#FBC159&#8243; parallax_effect=&#8221;on&#8221; use_border_color=&#8221;off&#8221; border_color=&#8221;#ffffff&#8221; border_style=&#8221;solid&#8221; global_colors_info=&#8221;{}&#8221; width_last_edited=&#8221;on|phone&#8221; width_phone=&#8221;100%&#8221; sticky_enabled=&#8221;0&#8243; width_tablet=&#8221;15%&#8221;][\/et_pb_post_title][et_pb_text _builder_version=&#8221;4.23&#8243; _module_preset=&#8221;default&#8221; text_text_color=&#8221;#242424&#8243; header_4_font=&#8221;Merienda|700|||||||&#8221; header_4_text_color=&#8221;#FBC159&#8243; header_4_font_size=&#8221;19px&#8221; text_orientation=&#8221;justified&#8221; width=&#8221;94%&#8221; module_alignment=&#8221;center&#8221; global_colors_info=&#8221;{}&#8221;]<\/p>\n<p style=\"text-align: justify;\">La Comissi\u00f3 Organitzadora de la Cavalcada de Reis d&#8217;Orient fa possible que any rere any els Tres Reis arribin a Sant Vicen\u00e7 dels Horts. L&#8217;entitat crea i gestiona la cavalcada amb l&#8217;ajuda dels voluntaris, d&#8217;altres entitats i amb el suport de l&#8217;Ajuntament.<\/p>\n<p style=\"text-align: justify;\">La Comissi\u00f3 s&#8217;encarrega de fer les carrosses, posar a punt el vestuari reial, preparar les b\u00fasties i el majestu\u00f3s escenari i trons reials a la pla\u00e7a de la Vila, i organitzar la recollida de cartes, entre moltes altres coses. Treballa durant tot l&#8217;any per fer possible la Nit m\u00e9s m\u00e0gica de l&#8217;any tal com la coneixem a Sant Vicen\u00e7 dels Horts.<\/p>\n<p>[\/et_pb_text][\/et_pb_column][\/et_pb_row][et_pb_row column_structure=&#8221;1_4,1_4,1_4,1_4&#8243; use_custom_gutter=&#8221;on&#8221; gutter_width=&#8221;1&#8243; _builder_version=&#8221;4.16&#8243; background_color=&#8221;#FBC159&#8243; background_size=&#8221;initial&#8221; background_position=&#8221;top_left&#8221; background_repeat=&#8221;repeat&#8221; width=&#8221;94.3%&#8221; border_color_all=&#8221;#E6E6E6&#8243; border_width_right=&#8221;12px&#8221; border_width_left=&#8221;12px&#8221; global_colors_info=&#8221;{}&#8221;][et_pb_column type=&#8221;1_4&#8243; _builder_version=&#8221;4.16&#8243; custom_padding=&#8221;|||&#8221; global_colors_info=&#8221;{}&#8221; custom_padding__hover=&#8221;|||&#8221;][et_pb_image src=&#8221;https:\/\/cavalcadadereis.cat\/svh\/wp-content\/uploads\/2023\/12\/1987_121-scaled.jpg&#8221; show_in_lightbox=&#8221;on&#8221; _builder_version=&#8221;4.23&#8243; _module_preset=&#8221;default&#8221; width=&#8221;95%&#8221; module_alignment=&#8221;center&#8221; global_colors_info=&#8221;{}&#8221;][\/et_pb_image][\/et_pb_column][et_pb_column type=&#8221;1_4&#8243; _builder_version=&#8221;4.16&#8243; custom_padding=&#8221;|||&#8221; global_colors_info=&#8221;{}&#8221; custom_padding__hover=&#8221;|||&#8221;][et_pb_image src=&#8221;https:\/\/cavalcadadereis.cat\/svh\/wp-content\/uploads\/2023\/12\/2009_preparatius.png&#8221; show_in_lightbox=&#8221;on&#8221; _builder_version=&#8221;4.23&#8243; _module_preset=&#8221;default&#8221; width=&#8221;95%&#8221; module_alignment=&#8221;center&#8221; global_colors_info=&#8221;{}&#8221;][\/et_pb_image][\/et_pb_column][et_pb_column type=&#8221;1_4&#8243; _builder_version=&#8221;4.16&#8243; custom_padding=&#8221;|||&#8221; global_colors_info=&#8221;{}&#8221; custom_padding__hover=&#8221;|||&#8221;][et_pb_image src=&#8221;https:\/\/cavalcadadereis.cat\/svh\/wp-content\/uploads\/2023\/12\/2018_preparatius.png&#8221; title_text=&#8221;IMG-4395&#8243; show_in_lightbox=&#8221;on&#8221; _builder_version=&#8221;4.23&#8243; _module_preset=&#8221;default&#8221; width=&#8221;95%&#8221; module_alignment=&#8221;center&#8221; global_colors_info=&#8221;{}&#8221;][\/et_pb_image][\/et_pb_column][et_pb_column type=&#8221;1_4&#8243; _builder_version=&#8221;4.16&#8243; custom_padding=&#8221;|||&#8221; global_colors_info=&#8221;{}&#8221; custom_padding__hover=&#8221;|||&#8221;][et_pb_image src=&#8221;https:\/\/cavalcadadereis.cat\/svh\/wp-content\/uploads\/2023\/12\/2020_escenari.png&#8221; title_text=&#8221;2022&#8243; show_in_lightbox=&#8221;on&#8221; _builder_version=&#8221;4.23&#8243; _module_preset=&#8221;default&#8221; width=&#8221;95%&#8221; module_alignment=&#8221;center&#8221; global_colors_info=&#8221;{}&#8221;][\/et_pb_image][\/et_pb_column][\/et_pb_row][et_pb_row column_structure=&#8221;1_4,1_4,1_4,1_4&#8243; use_custom_gutter=&#8221;on&#8221; gutter_width=&#8221;1&#8243; _builder_version=&#8221;4.16&#8243; background_color=&#8221;#FBC159&#8243; background_size=&#8221;initial&#8221; background_position=&#8221;top_left&#8221; background_repeat=&#8221;repeat&#8221; width=&#8221;94.3%&#8221; border_color_all=&#8221;#E6E6E6&#8243; border_width_right=&#8221;12px&#8221; border_width_left=&#8221;12px&#8221; global_colors_info=&#8221;{}&#8221;][et_pb_column type=&#8221;1_4&#8243; _builder_version=&#8221;4.16&#8243; custom_padding=&#8221;|||&#8221; global_colors_info=&#8221;{}&#8221; custom_padding__hover=&#8221;|||&#8221;][et_pb_image src=&#8221;https:\/\/cavalcadadereis.cat\/svh\/wp-content\/uploads\/2023\/12\/2020_caramels.png&#8221; show_in_lightbox=&#8221;on&#8221; _builder_version=&#8221;4.23&#8243; _module_preset=&#8221;default&#8221; width=&#8221;95%&#8221; module_alignment=&#8221;center&#8221; global_colors_info=&#8221;{}&#8221;][\/et_pb_image][\/et_pb_column][et_pb_column type=&#8221;1_4&#8243; _builder_version=&#8221;4.16&#8243; custom_padding=&#8221;|||&#8221; global_colors_info=&#8221;{}&#8221; custom_padding__hover=&#8221;|||&#8221;][et_pb_image src=&#8221;https:\/\/cavalcadadereis.cat\/svh\/wp-content\/uploads\/2023\/12\/2021_busties.png&#8221; show_in_lightbox=&#8221;on&#8221; _builder_version=&#8221;4.23&#8243; _module_preset=&#8221;default&#8221; width=&#8221;95%&#8221; module_alignment=&#8221;center&#8221; global_colors_info=&#8221;{}&#8221;][\/et_pb_image][\/et_pb_column][et_pb_column type=&#8221;1_4&#8243; _builder_version=&#8221;4.16&#8243; custom_padding=&#8221;|||&#8221; global_colors_info=&#8221;{}&#8221; custom_padding__hover=&#8221;|||&#8221;][et_pb_image src=&#8221;https:\/\/cavalcadadereis.cat\/svh\/wp-content\/uploads\/2023\/12\/2022.png&#8221; show_in_lightbox=&#8221;on&#8221; _builder_version=&#8221;4.23&#8243; _module_preset=&#8221;default&#8221; width=&#8221;95%&#8221; module_alignment=&#8221;center&#8221; global_colors_info=&#8221;{}&#8221;][\/et_pb_image][\/et_pb_column][et_pb_column type=&#8221;1_4&#8243; _builder_version=&#8221;4.16&#8243; custom_padding=&#8221;|||&#8221; global_colors_info=&#8221;{}&#8221; custom_padding__hover=&#8221;|||&#8221;][et_pb_image src=&#8221;https:\/\/cavalcadadereis.cat\/svh\/wp-content\/uploads\/2023\/12\/2022_Exposicio.png&#8221; title_text=&#8221;IMG-4395&#8243; show_in_lightbox=&#8221;on&#8221; _builder_version=&#8221;4.23&#8243; _module_preset=&#8221;default&#8221; width=&#8221;95%&#8221; module_alignment=&#8221;center&#8221; global_colors_info=&#8221;{}&#8221;][\/et_pb_image][\/et_pb_column][\/et_pb_row][et_pb_row _builder_version=&#8221;4.16&#8243; background_color=&#8221;#FBC159&#8243; background_size=&#8221;initial&#8221; background_position=&#8221;top_left&#8221; background_repeat=&#8221;repeat&#8221; width=&#8221;94.3%&#8221; custom_padding=&#8221;||13px|||&#8221; hover_enabled=&#8221;0&#8243; border_color_all=&#8221;#E6E6E6&#8243; border_width_right=&#8221;12px&#8221; border_width_left=&#8221;12px&#8221; global_colors_info=&#8221;{}&#8221; sticky_enabled=&#8221;0&#8243;][et_pb_column type=&#8221;4_4&#8243; _builder_version=&#8221;4.16&#8243; custom_padding=&#8221;|||&#8221; global_colors_info=&#8221;{}&#8221; custom_padding__hover=&#8221;|||&#8221;][et_pb_text _builder_version=&#8221;4.23.3&#8243; _module_preset=&#8221;default&#8221; text_text_color=&#8221;#242424&#8243; header_4_font=&#8221;Merienda|700|||||||&#8221; header_4_text_color=&#8221;#2B2568&#8243; header_4_font_size=&#8221;19px&#8221; text_orientation=&#8221;justified&#8221; width=&#8221;94%&#8221; module_alignment=&#8221;center&#8221; hover_enabled=&#8221;0&#8243; global_colors_info=&#8221;{}&#8221; width_last_edited=&#8221;on|phone&#8221; width_phone=&#8221;89%&#8221; sticky_enabled=&#8221;0&#8243; width_tablet=&#8221;94%&#8221;]<\/p>\n<h4>Membres actuals<\/h4>\n<p style=\"text-align: justify;\">Els membres que formen part de la Comissi\u00f3 Organitzadora de la Cavalcada de Reis de Sant Vicen\u00e7 dels Horts s\u00f3n:<\/p>\n<p>[\/et_pb_text][\/et_pb_column][\/et_pb_row][et_pb_row column_structure=&#8221;1_3,1_3,1_3&#8243; _builder_version=&#8221;4.16&#8243; background_color=&#8221;#FBC159&#8243; background_size=&#8221;initial&#8221; background_position=&#8221;top_left&#8221; background_repeat=&#8221;repeat&#8221; width=&#8221;94.3%&#8221; custom_padding=&#8221;0px|||||&#8221; border_color_all=&#8221;#E6E6E6&#8243; border_width_right=&#8221;12px&#8221; border_width_bottom=&#8221;12px&#8221; border_width_left=&#8221;12px&#8221; global_colors_info=&#8221;{}&#8221;][et_pb_column type=&#8221;1_3&#8243; _builder_version=&#8221;4.16&#8243; custom_padding=&#8221;|||&#8221; global_colors_info=&#8221;{}&#8221; custom_padding__hover=&#8221;|||&#8221;][et_pb_text admin_label=&#8221;Membres 1&#8243; _builder_version=&#8221;4.23.3&#8243; _module_preset=&#8221;default&#8221; text_text_color=&#8221;#242424&#8243; header_4_font=&#8221;Merienda|700|||||||&#8221; header_4_text_color=&#8221;#2B2568&#8243; header_4_font_size=&#8221;19px&#8221; text_orientation=&#8221;justified&#8221; width=&#8221;65%&#8221; module_alignment=&#8221;right&#8221; custom_margin=&#8221;1px|||||&#8221; hover_enabled=&#8221;0&#8243; global_colors_info=&#8221;{}&#8221; width_last_edited=&#8221;on|phone&#8221; width_phone=&#8221;90%&#8221; sticky_enabled=&#8221;0&#8243; disabled_on=&#8221;on|off|off&#8221; width_tablet=&#8221;65%&#8221;]<\/p>\n<ul>\n<li>Jordi Farr\u00e9<\/li>\n<li>Miquel Font<\/li>\n<li>Assumpta Planas<\/li>\n<li>Climent Prats<\/li>\n<\/ul>\n<p>[\/et_pb_text][et_pb_text admin_label=&#8221;Membres 1&#8243; _builder_version=&#8221;4.23.3&#8243; _module_preset=&#8221;default&#8221; text_text_color=&#8221;#242424&#8243; header_4_font=&#8221;Merienda|700|||||||&#8221; header_4_text_color=&#8221;#2B2568&#8243; header_4_font_size=&#8221;19px&#8221; text_orientation=&#8221;justified&#8221; width=&#8221;65%&#8221; module_alignment=&#8221;right&#8221; custom_margin=&#8221;1px|||||&#8221; hover_enabled=&#8221;0&#8243; global_colors_info=&#8221;{}&#8221; width_last_edited=&#8221;on|phone&#8221; width_phone=&#8221;90%&#8221; sticky_enabled=&#8221;0&#8243; disabled_on=&#8221;off|on|on&#8221; width_tablet=&#8221;65%&#8221;]<\/p>\n<ul>\n<li>Jordi Farr\u00e9<\/li>\n<li>Miquel Font<\/li>\n<li>Assumpta Planas<\/li>\n<li>Climent Prats<\/li>\n<li>Narc\u00eds Prats<\/li>\n<li>C\u00e9sar Recasens<\/li>\n<li>Anna Ravent\u00f3s<\/li>\n<li>Joan Ravent\u00f3s<\/li>\n<li>Joan Ruiz<\/li>\n<li>Carles Torras<\/li>\n<li>\u00c0ngels Valls<\/li>\n<li>Joan Virgili<\/li>\n<\/ul>\n<p>[\/et_pb_text][\/et_pb_column][et_pb_column type=&#8221;1_3&#8243; _builder_version=&#8221;4.16&#8243; custom_padding=&#8221;|||&#8221; global_colors_info=&#8221;{}&#8221; custom_padding__hover=&#8221;|||&#8221;][et_pb_text admin_label=&#8221;Membres 1&#8243; _builder_version=&#8221;4.23.3&#8243; _module_preset=&#8221;default&#8221; text_text_color=&#8221;#242424&#8243; header_4_font=&#8221;Merienda|700|||||||&#8221; header_4_text_color=&#8221;#2B2568&#8243; header_4_font_size=&#8221;19px&#8221; text_orientation=&#8221;justified&#8221; width=&#8221;65%&#8221; module_alignment=&#8221;center&#8221; custom_margin=&#8221;1px|||||&#8221; hover_enabled=&#8221;0&#8243; global_colors_info=&#8221;{}&#8221; width_last_edited=&#8221;on|phone&#8221; width_phone=&#8221;80%&#8221; sticky_enabled=&#8221;0&#8243; disabled_on=&#8221;on|off|off&#8221; width_tablet=&#8221;65%&#8221;]<\/p>\n<ul>\n<li>Narc\u00eds Prats<\/li>\n<li>C\u00e9sar Recasens<\/li>\n<li>Anna Ravent\u00f3s<\/li>\n<li>Joan Ravent\u00f3s<\/li>\n<\/ul>\n<p>[\/et_pb_text][\/et_pb_column][et_pb_column type=&#8221;1_3&#8243; _builder_version=&#8221;4.16&#8243; custom_padding=&#8221;|||&#8221; global_colors_info=&#8221;{}&#8221; custom_padding__hover=&#8221;|||&#8221;][et_pb_text admin_label=&#8221;Membres 1&#8243; _builder_version=&#8221;4.23.3&#8243; _module_preset=&#8221;default&#8221; text_text_color=&#8221;#242424&#8243; header_4_font=&#8221;Merienda|700|||||||&#8221; header_4_text_color=&#8221;#2B2568&#8243; header_4_font_size=&#8221;19px&#8221; text_orientation=&#8221;justified&#8221; width=&#8221;65%&#8221; module_alignment=&#8221;left&#8221; custom_margin=&#8221;1px|||||&#8221; hover_enabled=&#8221;0&#8243; global_colors_info=&#8221;{}&#8221; width_last_edited=&#8221;on|phone&#8221; width_phone=&#8221;100%&#8221; sticky_enabled=&#8221;0&#8243; disabled_on=&#8221;on|off|off&#8221; width_tablet=&#8221;65%&#8221;]<\/p>\n<ul>\n<li>Joan Ruiz<\/li>\n<li>Carles Torras<\/li>\n<li>\u00c0ngels Valls<\/li>\n<li>Joan Virgili<\/li>\n<\/ul>\n<p>[\/et_pb_text][\/et_pb_column][\/et_pb_row][et_pb_row _builder_version=&#8221;4.16&#8243; background_color=&#8221;#FBC159&#8243; background_size=&#8221;initial&#8221; background_position=&#8221;top_left&#8221; background_repeat=&#8221;repeat&#8221; width=&#8221;94.3%&#8221; custom_padding=&#8221;||13px|||&#8221; border_color_all=&#8221;#E6E6E6&#8243; border_width_right=&#8221;12px&#8221; border_width_left=&#8221;12px&#8221; global_colors_info=&#8221;{}&#8221;][et_pb_column type=&#8221;4_4&#8243; _builder_version=&#8221;4.16&#8243; custom_padding=&#8221;|||&#8221; global_colors_info=&#8221;{}&#8221; custom_padding__hover=&#8221;|||&#8221;][et_pb_text admin_label=&#8221;Text&#8221; _builder_version=&#8221;4.23.3&#8243; _module_preset=&#8221;default&#8221; text_text_color=&#8221;#242424&#8243; header_4_font=&#8221;Merienda|700|||||||&#8221; header_4_text_color=&#8221;#2B2568&#8243; header_4_font_size=&#8221;19px&#8221; text_orientation=&#8221;justified&#8221; width=&#8221;94%&#8221; module_alignment=&#8221;center&#8221; hover_enabled=&#8221;0&#8243; global_colors_info=&#8221;{}&#8221; width_last_edited=&#8221;on|phone&#8221; width_phone=&#8221;89%&#8221; sticky_enabled=&#8221;0&#8243; width_tablet=&#8221;94%&#8221;]<\/p>\n<h4>Anteriors Presidents de la Comissi\u00f3:<\/h4>\n<p>[\/et_pb_text][et_pb_text admin_label=&#8221;Text&#8221; _builder_version=&#8221;4.23.3&#8243; _module_preset=&#8221;default&#8221; text_text_color=&#8221;#242424&#8243; header_4_font=&#8221;Merienda|700|||||||&#8221; header_4_text_color=&#8221;#2B2568&#8243; header_4_font_size=&#8221;19px&#8221; text_orientation=&#8221;justified&#8221; width=&#8221;94%&#8221; module_alignment=&#8221;center&#8221; hover_enabled=&#8221;0&#8243; global_colors_info=&#8221;{}&#8221; width_last_edited=&#8221;on|phone&#8221; width_phone=&#8221;89%&#8221; sticky_enabled=&#8221;0&#8243; width_tablet=&#8221;94%&#8221;]<\/p>\n<ul>\n<li style=\"text-align: justify;\">Joaquim Sagrist\u00e0, actual President d\u2019Honor. Va ser president de la Comissi\u00f3 des de l&#8217;oficialitzaci\u00f3 dels organitzadors de la Cavalcada com a entitat amb la creaci\u00f3 de la Comissi\u00f3 Organitzadora i fins al Centenari.<\/li>\n<li style=\"text-align: justify;\">Marc Valls. Va presidir la Comissi\u00f3 des del Centenari de la Cavalcada fins que va deixar-nos el 2018.<\/li>\n<\/ul>\n<p>[\/et_pb_text][\/et_pb_column][\/et_pb_row][et_pb_row _builder_version=&#8221;4.16&#8243; background_color=&#8221;#FBC159&#8243; background_size=&#8221;initial&#8221; background_position=&#8221;top_left&#8221; background_repeat=&#8221;repeat&#8221; width=&#8221;94.3%&#8221; custom_padding=&#8221;||13px|||&#8221; border_color_all=&#8221;#E6E6E6&#8243; border_width_right=&#8221;12px&#8221; border_width_left=&#8221;12px&#8221; global_colors_info=&#8221;{}&#8221;][et_pb_column type=&#8221;4_4&#8243; _builder_version=&#8221;4.16&#8243; custom_padding=&#8221;|||&#8221; global_colors_info=&#8221;{}&#8221; custom_padding__hover=&#8221;|||&#8221;][et_pb_text _builder_version=&#8221;4.23.3&#8243; _module_preset=&#8221;default&#8221; text_text_color=&#8221;#242424&#8243; header_4_font=&#8221;Merienda|700|||||||&#8221; header_4_text_color=&#8221;#2B2568&#8243; header_4_font_size=&#8221;19px&#8221; text_orientation=&#8221;justified&#8221; width=&#8221;94%&#8221; module_alignment=&#8221;center&#8221; hover_enabled=&#8221;0&#8243; global_colors_info=&#8221;{}&#8221; width_last_edited=&#8221;on|phone&#8221; width_phone=&#8221;89%&#8221; sticky_enabled=&#8221;0&#8243; width_tablet=&#8221;94%&#8221;]<\/p>\n<h4>Integrants de la Comissi\u00f3 el 1999, any del centenari:<\/h4>\n<p>[\/et_pb_text][\/et_pb_column][\/et_pb_row][et_pb_row column_structure=&#8221;1_3,1_3,1_3&#8243; _builder_version=&#8221;4.16&#8243; background_color=&#8221;#FBC159&#8243; background_size=&#8221;initial&#8221; background_position=&#8221;top_left&#8221; background_repeat=&#8221;repeat&#8221; width=&#8221;94.3%&#8221; custom_padding=&#8221;0px|||||&#8221; border_color_all=&#8221;#E6E6E6&#8243; border_width_right=&#8221;12px&#8221; border_width_bottom=&#8221;12px&#8221; border_width_left=&#8221;12px&#8221; global_colors_info=&#8221;{}&#8221;][et_pb_column type=&#8221;1_3&#8243; _builder_version=&#8221;4.16&#8243; custom_padding=&#8221;|||&#8221; global_colors_info=&#8221;{}&#8221; custom_padding__hover=&#8221;|||&#8221;][et_pb_text admin_label=&#8221;Membres 1&#8243; _builder_version=&#8221;4.23.3&#8243; _module_preset=&#8221;default&#8221; text_text_color=&#8221;#242424&#8243; header_4_font=&#8221;Merienda|700|||||||&#8221; header_4_text_color=&#8221;#2B2568&#8243; header_4_font_size=&#8221;19px&#8221; text_orientation=&#8221;justified&#8221; width=&#8221;65%&#8221; module_alignment=&#8221;right&#8221; custom_margin=&#8221;1px|||||&#8221; hover_enabled=&#8221;0&#8243; global_colors_info=&#8221;{}&#8221; width_last_edited=&#8221;on|phone&#8221; width_phone=&#8221;89%&#8221; sticky_enabled=&#8221;0&#8243; disabled_on=&#8221;on|off|off&#8221; width_tablet=&#8221;65%&#8221;]<\/p>\n<ul>\n<li>Ramon Badosa<\/li>\n<li>Vicen\u00e7 Ferr\u00e9s<\/li>\n<li>Miquel Font<\/li>\n<li>Manel Marqu\u00e8s<\/li>\n<li>Josep Oll\u00e9<\/li>\n<li>Jordi Planas<\/li>\n<\/ul>\n<p>[\/et_pb_text][et_pb_text admin_label=&#8221;Membres 1&#8243; _builder_version=&#8221;4.23.3&#8243; _module_preset=&#8221;default&#8221; text_text_color=&#8221;#242424&#8243; header_4_font=&#8221;Merienda|700|||||||&#8221; header_4_text_color=&#8221;#2B2568&#8243; header_4_font_size=&#8221;19px&#8221; text_orientation=&#8221;justified&#8221; width=&#8221;65%&#8221; module_alignment=&#8221;right&#8221; custom_margin=&#8221;1px|||||&#8221; hover_enabled=&#8221;0&#8243; global_colors_info=&#8221;{}&#8221; width_last_edited=&#8221;on|phone&#8221; width_phone=&#8221;89%&#8221; sticky_enabled=&#8221;0&#8243; disabled_on=&#8221;off|on|on&#8221; width_tablet=&#8221;65%&#8221;]<\/p>\n<ul>\n<li>Ramon Badosa<\/li>\n<li>Vicen\u00e7 Ferr\u00e9s<\/li>\n<li>Miquel Font<\/li>\n<li>Manel Marqu\u00e8s<\/li>\n<li>Josep Oll\u00e9<\/li>\n<li>Jordi Planas<\/li>\n<li>Narc\u00eds Prats<\/li>\n<li>Joan Ravent\u00f3s<\/li>\n<li>Francesc Reverter<\/li>\n<li>Josep Roig<\/li>\n<li>Xavier Romagosa<\/li>\n<li>Joan Romagosa<\/li>\n<li>Joan Ruiz<\/li>\n<li>Joaquim Sagrist\u00e0<\/li>\n<li>Daniel S\u00e1nchez<\/li>\n<li>Jordi Torras<\/li>\n<li>Marc Valls<\/li>\n<li>Joan Virgili<\/li>\n<\/ul>\n<p>[\/et_pb_text][\/et_pb_column][et_pb_column type=&#8221;1_3&#8243; _builder_version=&#8221;4.16&#8243; custom_padding=&#8221;|||&#8221; global_colors_info=&#8221;{}&#8221; custom_padding__hover=&#8221;|||&#8221;][et_pb_text admin_label=&#8221;Membres 1&#8243; _builder_version=&#8221;4.23.3&#8243; _module_preset=&#8221;default&#8221; text_text_color=&#8221;#242424&#8243; header_4_font=&#8221;Merienda|700|||||||&#8221; header_4_text_color=&#8221;#2B2568&#8243; header_4_font_size=&#8221;19px&#8221; text_orientation=&#8221;justified&#8221; width=&#8221;65%&#8221; module_alignment=&#8221;center&#8221; custom_margin=&#8221;1px|||||&#8221; hover_enabled=&#8221;0&#8243; global_colors_info=&#8221;{}&#8221; sticky_enabled=&#8221;0&#8243; disabled_on=&#8221;on|off|off&#8221;]<\/p>\n<ul>\n<li>Narc\u00eds Prats<\/li>\n<li>Joan Ravent\u00f3s<\/li>\n<li>Francesc Reverter<\/li>\n<li>Josep Roig<\/li>\n<li>Xavier Romagosa<\/li>\n<li>Joan Romagosa<\/li>\n<\/ul>\n<p>[\/et_pb_text][\/et_pb_column][et_pb_column type=&#8221;1_3&#8243; _builder_version=&#8221;4.16&#8243; custom_padding=&#8221;|||&#8221; global_colors_info=&#8221;{}&#8221; custom_padding__hover=&#8221;|||&#8221;][et_pb_text admin_label=&#8221;Membres 1&#8243; _builder_version=&#8221;4.23.3&#8243; _module_preset=&#8221;default&#8221; text_text_color=&#8221;#242424&#8243; header_4_font=&#8221;Merienda|700|||||||&#8221; header_4_text_color=&#8221;#2B2568&#8243; header_4_font_size=&#8221;19px&#8221; text_orientation=&#8221;justified&#8221; width=&#8221;65%&#8221; module_alignment=&#8221;left&#8221; custom_margin=&#8221;1px|||||&#8221; hover_enabled=&#8221;0&#8243; global_colors_info=&#8221;{}&#8221; width__hover_enabled=&#8221;on|desktop&#8221; width_last_edited=&#8221;on|phone&#8221; width_phone=&#8221;89%&#8221; sticky_enabled=&#8221;0&#8243; disabled_on=&#8221;on|off|off&#8221; width__hover=&#8221;65%&#8221; width_tablet=&#8221;65%&#8221;]<\/p>\n<ul>\n<li>Joan Ruiz<\/li>\n<li>Joaquim Sagrist\u00e0<\/li>\n<li>Daniel S\u00e1nchez<\/li>\n<li>Jordi Torras<\/li>\n<li>Marc Valls<\/li>\n<li>Joan Virgili<\/li>\n<\/ul>\n<p>[\/et_pb_text][\/et_pb_column][\/et_pb_row][\/et_pb_section]<\/p>\n","protected":false},"excerpt":{"rendered":"<p>La Comissi\u00f3 Organitzadora de la Cavalcada de Reis d&#8217;Orient fa possible que any rere any els Tres Reis arribin a Sant Vicen\u00e7 dels Horts. L&#8217;entitat crea i gestiona la cavalcada amb l&#8217;ajuda dels voluntaris, d&#8217;altres entitats i amb el suport de l&#8217;Ajuntament. La Comissi\u00f3 s&#8217;encarrega de fer les carrosses, posar a punt el vestuari reial, [&hellip;]<\/p>\n","protected":false},"author":1,"featured_media":0,"parent":2416,"menu_order":1,"comment_status":"closed","ping_status":"closed","template":"","meta":{"_et_pb_use_builder":"on","_et_pb_old_content":"","_et_gb_content_width":"","footnotes":""},"folder":[26],"class_list":["post-2420","page","type-page","status-publish","hentry"],"yoast_head":"<!-- This site is optimized with the Yoast SEO plugin v26.6 - https:\/\/yoast.com\/wordpress\/plugins\/seo\/ -->\n<title>Qu\u00e8 fa? - Cavalcada de Reis SVH<\/title>\n<meta name=\"robots\" content=\"index, follow, max-snippet:-1, max-image-preview:large, max-video-preview:-1\" \/>\n<link rel=\"canonical\" href=\"https:\/\/cavalcadadereis.cat\/svh\/la-comissio\/que-fa\/\" \/>\n<meta property=\"og:locale\" content=\"ca_ES\" \/>\n<meta property=\"og:type\" content=\"article\" \/>\n<meta property=\"og:title\" content=\"Qu\u00e8 fa? - Cavalcada de Reis SVH\" \/>\n<meta property=\"og:description\" content=\"La Comissi\u00f3 Organitzadora de la Cavalcada de Reis d&#039;Orient fa possible que any rere any els Tres Reis arribin a Sant Vicen\u00e7 dels Horts. L&#039;entitat crea i gestiona la cavalcada amb l&#039;ajuda dels voluntaris, d&#039;altres entitats i amb el suport de l&#039;Ajuntament. La Comissi\u00f3 s&#039;encarrega de fer les carrosses, posar a punt el vestuari reial, [&hellip;]\" \/>\n<meta property=\"og:url\" content=\"https:\/\/cavalcadadereis.cat\/svh\/la-comissio\/que-fa\/\" \/>\n<meta property=\"og:site_name\" content=\"Cavalcada de Reis SVH\" \/>\n<meta property=\"article:modified_time\" content=\"2024-01-03T19:00:43+00:00\" \/>\n<meta name=\"twitter:card\" content=\"summary_large_image\" \/>\n<meta name=\"twitter:label1\" content=\"Temps estimat de lectura\" \/>\n\t<meta name=\"twitter:data1\" content=\"3 minuts\" \/>\n<script type=\"application\/ld+json\" class=\"yoast-schema-graph\">{\"@context\":\"https:\/\/schema.org\",\"@graph\":[{\"@type\":\"WebPage\",\"@id\":\"https:\/\/cavalcadadereis.cat\/svh\/la-comissio\/que-fa\/\",\"url\":\"https:\/\/cavalcadadereis.cat\/svh\/la-comissio\/que-fa\/\",\"name\":\"Qu\u00e8 fa? - Cavalcada de Reis SVH\",\"isPartOf\":{\"@id\":\"https:\/\/cavalcadadereis.cat\/svh\/#website\"},\"datePublished\":\"2022-01-29T15:54:52+00:00\",\"dateModified\":\"2024-01-03T19:00:43+00:00\",\"breadcrumb\":{\"@id\":\"https:\/\/cavalcadadereis.cat\/svh\/la-comissio\/que-fa\/#breadcrumb\"},\"inLanguage\":\"ca\",\"potentialAction\":[{\"@type\":\"ReadAction\",\"target\":[\"https:\/\/cavalcadadereis.cat\/svh\/la-comissio\/que-fa\/\"]}]},{\"@type\":\"BreadcrumbList\",\"@id\":\"https:\/\/cavalcadadereis.cat\/svh\/la-comissio\/que-fa\/#breadcrumb\",\"itemListElement\":[{\"@type\":\"ListItem\",\"position\":1,\"name\":\"Inici\",\"item\":\"https:\/\/cavalcadadereis.cat\/svh\/\"},{\"@type\":\"ListItem\",\"position\":2,\"name\":\"La Comissi\u00f3\",\"item\":\"https:\/\/cavalcadadereis.cat\/svh\/la-comissio\/\"},{\"@type\":\"ListItem\",\"position\":3,\"name\":\"Qu\u00e8 fa?\"}]},{\"@type\":\"WebSite\",\"@id\":\"https:\/\/cavalcadadereis.cat\/svh\/#website\",\"url\":\"https:\/\/cavalcadadereis.cat\/svh\/\",\"name\":\"Cavalcada de Reis SVH\",\"description\":\"\",\"potentialAction\":[{\"@type\":\"SearchAction\",\"target\":{\"@type\":\"EntryPoint\",\"urlTemplate\":\"https:\/\/cavalcadadereis.cat\/svh\/?s={search_term_string}\"},\"query-input\":{\"@type\":\"PropertyValueSpecification\",\"valueRequired\":true,\"valueName\":\"search_term_string\"}}],\"inLanguage\":\"ca\"}]}<\/script>\n<!-- \/ Yoast SEO plugin. -->","yoast_head_json":{"title":"Qu\u00e8 fa? - Cavalcada de Reis SVH","robots":{"index":"index","follow":"follow","max-snippet":"max-snippet:-1","max-image-preview":"max-image-preview:large","max-video-preview":"max-video-preview:-1"},"canonical":"https:\/\/cavalcadadereis.cat\/svh\/la-comissio\/que-fa\/","og_locale":"ca_ES","og_type":"article","og_title":"Qu\u00e8 fa? - Cavalcada de Reis SVH","og_description":"La Comissi\u00f3 Organitzadora de la Cavalcada de Reis d'Orient fa possible que any rere any els Tres Reis arribin a Sant Vicen\u00e7 dels Horts. L'entitat crea i gestiona la cavalcada amb l'ajuda dels voluntaris, d'altres entitats i amb el suport de l'Ajuntament. La Comissi\u00f3 s'encarrega de fer les carrosses, posar a punt el vestuari reial, [&hellip;]","og_url":"https:\/\/cavalcadadereis.cat\/svh\/la-comissio\/que-fa\/","og_site_name":"Cavalcada de Reis SVH","article_modified_time":"2024-01-03T19:00:43+00:00","twitter_card":"summary_large_image","twitter_misc":{"Temps estimat de lectura":"3 minuts"},"schema":{"@context":"https:\/\/schema.org","@graph":[{"@type":"WebPage","@id":"https:\/\/cavalcadadereis.cat\/svh\/la-comissio\/que-fa\/","url":"https:\/\/cavalcadadereis.cat\/svh\/la-comissio\/que-fa\/","name":"Qu\u00e8 fa? - Cavalcada de Reis SVH","isPartOf":{"@id":"https:\/\/cavalcadadereis.cat\/svh\/#website"},"datePublished":"2022-01-29T15:54:52+00:00","dateModified":"2024-01-03T19:00:43+00:00","breadcrumb":{"@id":"https:\/\/cavalcadadereis.cat\/svh\/la-comissio\/que-fa\/#breadcrumb"},"inLanguage":"ca","potentialAction":[{"@type":"ReadAction","target":["https:\/\/cavalcadadereis.cat\/svh\/la-comissio\/que-fa\/"]}]},{"@type":"BreadcrumbList","@id":"https:\/\/cavalcadadereis.cat\/svh\/la-comissio\/que-fa\/#breadcrumb","itemListElement":[{"@type":"ListItem","position":1,"name":"Inici","item":"https:\/\/cavalcadadereis.cat\/svh\/"},{"@type":"ListItem","position":2,"name":"La Comissi\u00f3","item":"https:\/\/cavalcadadereis.cat\/svh\/la-comissio\/"},{"@type":"ListItem","position":3,"name":"Qu\u00e8 fa?"}]},{"@type":"WebSite","@id":"https:\/\/cavalcadadereis.cat\/svh\/#website","url":"https:\/\/cavalcadadereis.cat\/svh\/","name":"Cavalcada de Reis SVH","description":"","potentialAction":[{"@type":"SearchAction","target":{"@type":"EntryPoint","urlTemplate":"https:\/\/cavalcadadereis.cat\/svh\/?s={search_term_string}"},"query-input":{"@type":"PropertyValueSpecification","valueRequired":true,"valueName":"search_term_string"}}],"inLanguage":"ca"}]}},"_links":{"self":[{"href":"https:\/\/cavalcadadereis.cat\/svh\/wp-json\/wp\/v2\/pages\/2420","targetHints":{"allow":["GET"]}}],"collection":[{"href":"https:\/\/cavalcadadereis.cat\/svh\/wp-json\/wp\/v2\/pages"}],"about":[{"href":"https:\/\/cavalcadadereis.cat\/svh\/wp-json\/wp\/v2\/types\/page"}],"author":[{"embeddable":true,"href":"https:\/\/cavalcadadereis.cat\/svh\/wp-json\/wp\/v2\/users\/1"}],"replies":[{"embeddable":true,"href":"https:\/\/cavalcadadereis.cat\/svh\/wp-json\/wp\/v2\/comments?post=2420"}],"version-history":[{"count":21,"href":"https:\/\/cavalcadadereis.cat\/svh\/wp-json\/wp\/v2\/pages\/2420\/revisions"}],"predecessor-version":[{"id":3092,"href":"https:\/\/cavalcadadereis.cat\/svh\/wp-json\/wp\/v2\/pages\/2420\/revisions\/3092"}],"up":[{"embeddable":true,"href":"https:\/\/cavalcadadereis.cat\/svh\/wp-json\/wp\/v2\/pages\/2416"}],"wp:attachment":[{"href":"https:\/\/cavalcadadereis.cat\/svh\/wp-json\/wp\/v2\/media?parent=2420"}],"wp:term":[{"taxonomy":"folder","embeddable":true,"href":"https:\/\/cavalcadadereis.cat\/svh\/wp-json\/wp\/v2\/folder?post=2420"}],"curies":[{"name":"wp","href":"https:\/\/api.w.org\/{rel}","templated":true}]}}